{"id":2013,"date":"2023-12-18T16:53:00","date_gmt":"2023-12-18T15:53:00","guid":{"rendered":"https:\/\/www.araf.ch\/?page_id=2013"},"modified":"2024-04-01T18:40:18","modified_gmt":"2024-04-01T16:40:18","slug":"dichiarazione-sulla-protezione-dei-dati-per-la-procedura-di-candidatura-presso-araf-ticino","status":"publish","type":"page","link":"https:\/\/www.araf.ch\/?page_id=2013","title":{"rendered":"Dichiarazione sulla protezione dei dati per la procedura di candidatura presso ARAF Ticino"},"content":{"rendered":"\n<figure class=\"wp-block-embed is-type-wp-embed is-provider-incorpora wp-block-embed-incorpora\"><div class=\"wp-block-embed__wrapper\">\n<blockquote class=\"wp-embedded-content\" data-secret=\"cUkiCI4mvu\"><a href=\"https:\/\/www.araf.ch\/?page_id=2013\">Dichiarazione sulla protezione dei dati per la procedura di candidatura presso ARAF Ticino<\/a><\/blockquote><iframe class=\"wp-embedded-content\" sandbox=\"allow-scripts\" security=\"restricted\" style=\"position: absolute; clip: rect(1px, 1px, 1px, 1px);\" title=\"&#8220;Dichiarazione sulla protezione dei dati per la procedura di candidatura presso ARAF Ticino&#8221; &#8212; \" src=\"https:\/\/www.araf.ch\/?page_id=2013&#038;embed=true#?secret=cUkiCI4mvu\" data-secret=\"cUkiCI4mvu\" width=\"600\" height=\"338\" frameborder=\"0\" marginwidth=\"0\" marginheight=\"0\" scrolling=\"no\"><\/iframe>\n<\/div><figcaption><a href=\"https:\/\/www.araf.ch\/?page_id=2013\">Dichiarazione sulla protezione dei dati per la procedura di candidatura presso ARAF Ticino<\/a> <\/figcaption><\/figure>\n\n\n\n<p> <strong>ARAF Ticino ha a cuore la gestione responsabile dei suoi dati personali.<\/strong> <\/p>\n\n\n\n<p>Nel seguito, per \u00abtrattamento\u00bb dei dati personali si intende, ad esempio, la raccolta, la conservazione, l\u2019utilizzazione, la modificazione, la comunicazione, l\u2019archiviazione o la distruzione dati personali. Nel seguito, per \u00abdati personali\u00bb si intendono tutte le informazioni relative a una persona identificata o identificabile (ad esempio nome, data di nascita, indirizzo e-mail). Se comunica al ARAF Ticino dati personali di altre persone (ad esempio dati di familiari), la preghiamo di informarle o di fornire loro la nostra \u00abDichiarazione sulla protezione dei dati per la procedura di candidatura\u00bb. Trasmetta i dati personali di terzi soltanto se dispone dell\u2019autorizzazione a farlo e se le informazioni sono corrette. Ai fini della leggibilit\u00e0, nel testo si \u00e8 optato per la forma maschile, ma le informazioni si riferiscono comunque a persone di tutti i generi.<\/p>\n\n\n\n<ol type=\"1\"><li><strong>Ambito di applicazione della presente dichiarazione sulla protezione dei dati<\/strong><\/li><\/ol>\n\n\n\n<p>La presente dichiarazione sulla protezione dei dati si applica a qualsiasi trattamento di dati personali di tutte le aziende ed imprese coinvolte nelle attivit\u00e0 di selezione e formazione professionale svolte con e da ARAF Ticino e dalle aziende ed enti associati alla rete di aziende formatrici ARAF: <a href=\"https:\/\/www.araf.ch\/?page_id=34\">Elenco dei soci<\/a> (<a href=\"https:\/\/www.araf.ch\/?page_id=34\">https:\/\/www.araf.ch\/?page_id=34<\/a>)<\/p>\n\n\n\n<p>Ognuna delle aziende ed imprese elencate \u00e8 considerata, in conformit\u00e0 con la legislazione sulla protezione dei dati, come \u00abresponsabile\u00bb del trattamento dei dati effettuato. Nel seguito ci riferir\u00e0 congiuntamente ad esse come \u00abARAF Ticino\u00bb o \u00abnoi\u00bb. La preghiamo di osservare che possono inoltre essere valide altre dichiarazioni specifiche sulla protezione dei dati. Questo vale, ad esempio, per l\u2019utilizzo delle pagine web nelle quali trover\u00e0 i relativi dettagli.<\/p>\n\n\n\n<ul><li><strong>Contatto<\/strong><\/li><\/ul>\n\n\n\n<p>In caso di domande sulla protezione dei dati, ci contatti al seguente indirizzo: ARAF Ticino, Selezione candidati, Oggetto: Protezione dei dati, Via Vallone 27, 6500 Bellinzona, E-mail: <a href=\"mailto:info@araf.ch\">info@araf.ch<\/a> . Ha inoltre il diritto di rivolgersi ad altre persone responsabili. Tuttavia, favorir\u00e0 un trattamento efficiente della sua richiesta se utilizzer\u00e0 i dati di contatto sopra indicati.<\/p>\n\n\n\n<ul><li><strong>Fornitura dei dati<\/strong><\/li><\/ul>\n\n\n\n<p>La fornitura di determinati dati personali \u00e8 obbligatoria ai fini della procedura di candidatura. Fra questi rientrano i dati personali rilevanti per la candidatura.<\/p>\n\n\n\n<p><strong>4.&nbsp;&nbsp;&nbsp;&nbsp;&nbsp;&nbsp;&nbsp;&nbsp; Categorie di dati personali<\/strong><\/p>\n\n\n\n<p><strong>4.1&nbsp;&nbsp;&nbsp;&nbsp;&nbsp; In generale<\/strong><\/p>\n\n\n\n<p>In particolare, possono essere trattate da ARAF Ticino le seguenti categorie di dati personali comunicati da lei o da terzi, che otteniamo da fonti pubbliche o che risultano dal trattamento del contratto:<\/p>\n\n\n\n<ul><li>dati contenuti nei moduli online e nella documentazione di candidatura (per esempio: nome, indirizzo, data di nascita, sesso, stato civile, nazionalit\u00e0, formazione, lingua, foto, link, video CV, ecc. \u2026 );<\/li><li>informazioni provenienti dalla procedura di candidatura (per esempio: valutazioni, registrazioni audio e\/o video di colloqui, altre informazioni che lei fornisce volontariamente nell\u2019ambito della sua candidatura, ecc. \u2026);<\/li><li>informazioni provenienti da certificati di lavoro, diplomi, certificazioni, conferme della formazione o della riqualificazione;<\/li><li>dati relativi a persone terze (per esempio: genitori, fratelli\/sorelle, partner, figli, ecc. \u2026).<\/li><\/ul>\n\n\n\n<p><strong>4.2&nbsp;&nbsp;&nbsp;&nbsp;&nbsp; Dati personali degni di particolare protezione<\/strong><\/p>\n\n\n\n<p>Possono essere trattati anche dati personali (anche \u00abcategorie particolari di dati personali\u00bb) a seconda delle indicazioni e dello stadio del processo di candidatura, ad esempio dati sulla salute, su opinioni o attivit\u00e0 religiose, ideologiche o politiche, nonch\u00e9 dati su procedimenti o sanzioni di natura amministrativa o penale (presentandoci un estratto del casellario giudiziario o del registro delle esecuzioni). Trattiamo come dati personali particolarmente sensibili anche le informazioni contenute nelle richieste di referenze. Questi dati sono trattati allo scopo di avviare ed eseguire un contratto. Se previsto dalla legge, le sar\u00e0 richiesto anticipatamente il consenso.<\/p>\n\n\n\n<p><strong>5.&nbsp;&nbsp;&nbsp;&nbsp;&nbsp;&nbsp;&nbsp;&nbsp; Scopi del trattamento<\/strong><\/p>\n\n\n\n<p>ARAF Ticino tratta i suoi dati personali nella misura in cui ci\u00f2 \u00e8 necessario per l\u2019espletamento della procedura di candidatura e per eventuali prestazioni complementari. I suoi dati personali saranno trattati solo per gli scopi che le sono stati descritti (ad es. al momento dell\u2019invio della candidatura) o che sono evidenti dalle circostanze.<\/p>\n\n\n\n<p>I suoi dati possono essere trattati per i seguenti scopi nel rispetto dei requisiti legali applicabili:<\/p>\n\n\n\n<ul><li>espletamento della procedura candidatura (ad es. esame del suo dossier, valutazioni, selezione, procedure di selezione e assunzione);<\/li><\/ul>\n\n\n\n<ul><li>analisi della procedura di candidatura;<\/li><li>analisi dell\u2019utilizzo della nostra pagina web della candidatura online;<\/li><li>risposta a domande;<\/li><\/ul>\n\n\n\n<ul><li>inoltro del dossier di candidatura alle aziende ed istituzioni associate alla rete di aziende formatrici ARAF Ticino per la selezione di candidati apprendisti e la seguente assunzione e formazione professionale;<\/li><\/ul>\n\n\n\n<ul><li>lotta contro la cattiva condotta, gli abusi, i crimini e i delitti;<\/li><li>chiarimenti su conflitti d\u2019interesse o altre restrizioni che potrebbero limitare o impedire l\u2019assunzione di un candidato;<\/li><\/ul>\n\n\n\n<ul><li>esame di candidature per l\u2019inoltro alle aziende ed istituzioni all\u2019interno della rete di aziende formatrici ARAF Ticino.<\/li><\/ul>\n\n\n\n<p>I dati da lei trasmessi e quelli acquisiti durante il processo di candidatura servono esclusivamente al trattamento e all\u2019espletamento della sua procedura di candidatura. Nell\u2019ambito di una candidatura specifica possono prendere visione dei dati soltanto le persone incaricate dell\u2019assegnazione del posto. ARAF Ticino si riserva il diritto di accettare ed esaminare la sua candidatura anche per altri posti idonei quali nuove aziende o istituzioni intenzionate ad associarsi alla propria rete di formazione. I suoi dati verranno tuttavia inoltrati solo con il suo consenso.<\/p>\n\n\n\n<p><strong>6.&nbsp;&nbsp;&nbsp;&nbsp;&nbsp;&nbsp;&nbsp;&nbsp; Principi per il trattamento dei dati personali<\/strong><\/p>\n\n\n\n<p>I suoi dati personali possono essere trattati sulla base dei seguenti principi:<\/p>\n\n\n\n<ul><li>avvio o esecuzione di un contratto;<\/li><li>se previsto dalle basi legali;<\/li><li>con il suo consenso o il consenso di una persona da lei autorizzata;<\/li><li>se ARAF Ticino ha un interesse preponderante o legittimo al trattamento dei dati,<\/li><\/ul>\n\n\n\n<p>vale a dire in particolare per perseguire le finalit\u00e0 sopra menzionate alla cifra 5 e i<\/p>\n\n\n\n<p>relativi obiettivi e per poter attuare le misure corrispondenti.<\/p>\n\n\n\n<p><strong>7.&nbsp;&nbsp;&nbsp;&nbsp;&nbsp;&nbsp;&nbsp;&nbsp; Job Newsletter<\/strong><\/p>\n\n\n\n<p>Su determinati temi possiamo inviarle, anche su sua richiesta, newsletter relative a posti di lavoro. A tal fine tratteremo i dati personali da lei forniti (ad es. cognome, nome, indirizzo e-mail). Le newsletter possono essere inviate con il suo consenso e, in alcuni casi, sulla base di un legittimo interesse. In ogni newsletter ha la possibilit\u00e0 di richiedere che non le vengano pi\u00f9 inviate ulteriori newsletter.<\/p>\n\n\n\n<p><strong>8.&nbsp;&nbsp;&nbsp;&nbsp;&nbsp;&nbsp;&nbsp;&nbsp; Trattamento dei dati per la consultazione di pagine web di ARAF Ticino<\/strong><\/p>\n\n\n\n<p>Per la consultazione di pagine web di ARAF Ticino si applica anche la relativa dichiarazione sulla protezione dei dati (reperibile in <a rel=\"noreferrer noopener\" href=\"https:\/\/www.araf.ch\/?page_id=2037\" target=\"_blank\">https:\/\/www.araf.ch\/?page_id=2037<\/a> e GDPR <a href=\"https:\/\/www.araf.ch\/wp-content\/uploads\/2018\/06\/Privacy-Policy-valida-dal-25-maggio-2018.pdf\">https:\/\/www.araf.ch\/wp-content\/uploads\/2018\/06\/Privacy-Policy-valida-dal-25-maggio-2018.pdf<\/a>), dove trover\u00e0 informazioni sui dati che trattiamo (ad es. quali cookies impieghiamo)<\/p>\n\n\n\n<p><strong>9.&nbsp;&nbsp;&nbsp;&nbsp;&nbsp;&nbsp;&nbsp;&nbsp; Pagina di candidatura ARAF Ticino<\/strong><\/p>\n\n\n\n<p>Per i posti di tirocinio presso le aziende associate ad ARAF Ticino pu\u00f2 candidarsi in modalit\u00e0 elettronica attraverso la pagina di candidatura ARAF Ticino. Ha la facolt\u00e0 di contattarci, e potr\u00e0 richiedere di: correggere, aggiornare, ritirare o cancellare i suoi dati in qualsiasi momento.<\/p>\n\n\n\n<p><strong>10.&nbsp;&nbsp;&nbsp;&nbsp;&nbsp; Colloquio in presenza o eventualmente online<\/strong><\/p>\n\n\n\n<p>Per i posti di tirocinio messi a concorso verr\u00e0 invitato a sostenere un colloquio in presenza, o eventualmente online. Per l\u2019esecuzione dei colloqui online possiamo ricorrere a fornitori di servizi. Si attenga alle disposizioni durante la registrazione. I dati personali trattati durante il colloquio online vengono utilizzati da ARAF Ticino per il periodo necessario alla selezione ed esclusivamente per l\u2019espletamento della procedura di candidatura fino all\u2019eventuale assunzione.<\/p>\n\n\n\n<p><strong>11.&nbsp;&nbsp;&nbsp;&nbsp;&nbsp; Comunicazione elettronica<\/strong><\/p>\n\n\n\n<p>La preghiamo di osservare che la comunicazione elettronica (ad es. tramite e-mail, SMS, Messenger, social media) non \u00e8 generalmente criptata. I dati possono essere intercettati e manipolati da terzi o andare perduti. ARAF Ticino adotta misure di sicurezza tecniche e organizzative adeguate per evitare che ci\u00f2 si verifichi all\u2019interno dei propri sistemi. Tuttavia, il suo dispositivo terminale (computer, smartphone ecc.) e il servizio utilizzato sono al di fuori dell\u2019area di sicurezza su cui ARAF Ticino pu\u00f2 esercitare il suo controllo. Spetta a lei, in qualit\u00e0 di utente di Internet, informarsi sulle precauzioni di sicurezza necessarie e prendere le opportune misure (ad es. aggiornare l\u2019antivirus). Se non interagisce con ARAF Ticino tramite mezzi di comunicazione sicuri, \u00e8 consapevole dei rischi associati a questi mezzi di comunicazione.<\/p>\n\n\n\n<p><strong>12.&nbsp;&nbsp;&nbsp;&nbsp;&nbsp; Dati di terzi<\/strong><\/p>\n\n\n\n<p>In alcuni casi ARAF Ticino acquisisce dati personali anche di terzi come ad esempio orientatori, docenti di collocamento che lei ha utilizzato nell\u2019ambito della sua candidatura per ARAF Ticino.<\/p>\n\n\n\n<p><strong>13.&nbsp;&nbsp;&nbsp;&nbsp;&nbsp; Raccomandazione di candidati apprendisti<\/strong><\/p>\n\n\n\n<p>I dati personali di potenziali candidate e candidati possono essere raccolti nell\u2019ambito della \u00abraccomandazione di candidati apprendisti\u00bb. Le collaboratrici o i collaboratori delle aziende associate ad ARAF Ticino possono proporre dei candidati apprendisti indicando il nome, il cognome e l\u2019indirizzo e-mail della persona potenzialmente idonea. In questo modo possiamo inviare un invito a candidarsi. La persona raccomandata potr\u00e0 quindi candidarsi per il posto direttamente tramite il formulario di candidatura online. Se la persona raccomandata non invia una candidatura, i suoi dati personali vengono cancellati al termine del periodo della selezione. In caso di candidatura, la cancellazione dei dati avviene al termine del periodo della selezione di ARAF Ticino.<\/p>\n\n\n\n<p><strong>14.&nbsp;&nbsp;&nbsp;&nbsp;&nbsp; Destinatari dei dati<\/strong><\/p>\n\n\n\n<p>\u00c8 considerato destinatario dei dati chiunque a cui vengano trasmessi o resi accessibili dati personali. Pu\u00f2 trattarsi di formatori professionali e\/o dei responsabili delle aziende che formano tramite l\u2019associazione ARAF Ticino. Nell\u2019ambito di una candidatura specifica possono prendere visione dei dati soltanto le persone incaricate dell\u2019assegnazione del posto. I suoi dati non vengono trasmessi ad aziende o persone al di fuori delle aziende dell\u2019associazione ARAF Ticino, ad eccezione di eventuali nuove aziende interessate ad associarsi ad ARAF Ticino ed a collaborare nella formazione degli apprendisti.<\/p>\n\n\n\n<p><strong>15.&nbsp;&nbsp;&nbsp;&nbsp;&nbsp; Durata di conservazione<\/strong><\/p>\n\n\n\n<p>ARAF Ticino tratter\u00e0 i suoi dati personali per tutto il tempo necessario a soddisfare le finalit\u00e0 del processo di candidatura. Una volta conclusa la procedura di candidatura, i suoi dati, salvo diversa comunicazione scritta, verranno cancellati dopo 12 mesi. Se ci invia documenti di candidatura non richiesti per posta o ci informa del suo interesse all\u2019impiego per telefono, la rimandiamo all\u2019opzione di candidatura online. Non conserveremo nessun altro documento inviatoci e lo distruggeremo. Se la sua candidatura \u00e8 seguita dalla conclusione di un contratto di lavoro, i suoi dati personali saranno ulteriormente elaborati allo scopo di attuare il rapporto di lavoro in conformit\u00e0 con le relative disposizioni legali.<\/p>\n\n\n\n<p><strong>16.&nbsp;&nbsp;&nbsp;&nbsp;&nbsp; Sicurezza dei dati<\/strong><\/p>\n\n\n\n<p>ARAF Ticino adotta precauzioni tecniche e organizzative adeguate per garantire la protezione dei suoi dati personali contro la manipolazione, la perdita, la distruzione o l\u2019accesso da parte di persone non autorizzate. Queste misure sono basate su standard internazionali e sono regolarmente verificate e adeguate se necessario.<\/p>\n\n\n\n<p><strong>17.&nbsp;&nbsp;&nbsp;&nbsp;&nbsp; Diritti delle persone interessate<\/strong><\/p>\n\n\n\n<p>Se i suoi dati personali vengono trattati da ARAF Ticino, pu\u00f2 far valere in qualsiasi momento e in linea di massima gratuitamente i seguenti diritti nell\u2019ambito del diritto applicabile in materia di protezione dei dati:<\/p>\n\n\n\n<p><strong>17.1.&nbsp;&nbsp; Diritto all\u2019informazione<\/strong><\/p>\n\n\n\n<p>Lei ha il diritto di ottenere informazioni sui suoi dati personali trattati da ARAF Ticino. Pu\u00f2 presentare la sua richiesta di informazioni per iscritto, allegando una copia della sua carta d\u2019identit\u00e0 o del suo passaporto, all\u2019indirizzo indicato nella sezione \u00abContatto\u00bb (cifra 2).<\/p>\n\n\n\n<p><strong>17.2.&nbsp;&nbsp; Diritto alla rettifica<\/strong><\/p>\n\n\n\n<p>ARAF Ticino si impegna a mantenere i suoi dati il pi\u00f9 possibile aggiornati e corretti. Se tuttavia abbiamo memorizzato dati errati sulla sua persona, saremo lieti di correggerli su sua richiesta.<\/p>\n\n\n\n<p><strong>17.3.&nbsp;&nbsp; Diritto di opposizione<\/strong><\/p>\n\n\n\n<p>Lei ha il diritto di opporsi con effetto immediato a qualsiasi trattamento dei suoi dati personali che non sia assolutamente necessario per l\u2019esecuzione della selezione, la cui effettuazione non sia prescritta dalla legge o che venga effettuato senza un interesse prevalente o legittimo da parte di ARAF Ticino.<\/p>\n\n\n\n<p><strong>17.4.&nbsp;&nbsp; Diritto alla cancellazione e alla limitazione d\u2019uso<\/strong><\/p>\n\n\n\n<p>Lei ha il diritto di richiedere la cancellazione dei suoi dati personali o la limitazione del loro trattamento se essi non sono assolutamente necessari per l\u2019esecuzione della selezione, se non sono trattati in ottemperanza di una base legale (ad es. obblighi di conservazione) o se sono trattati in assenza di un interesse legittimo da parte di ARAF Ticino.<\/p>\n\n\n\n<p><strong>17.5.&nbsp;&nbsp; Diritto alla trasmissione dei dati<\/strong><\/p>\n\n\n\n<p>In determinate circostanze, ha il diritto di richiedere i suoi dati personali in un formato elettronico standard o di richiedere che siano trasferiti e\/o rilasciati a un\u2019altra parte responsabile (ad esempio un\u2019altra azienda formatrice).<\/p>\n\n\n\n<p><strong>17.6.&nbsp;&nbsp; Altri diritti<\/strong><\/p>\n\n\n\n<p>In caso di una possibile violazione dei suoi diritti sulla protezione dei dati, pu\u00f2 contattare l\u2019autorit\u00e0 competente per la protezione dei dati. L\u2019autorit\u00e0 di vigilanza competente in Svizzera \u00e8: Incaricato federale della protezione dei dati e della trasparenza, Feldeggweg 1, 3005 Berna, Svizzera. Se la informiamo di una decisione automatizzata (cifra 9), ha il diritto di esprimere il suo parere e di chiedere che la decisione sia rivista da una persona fisica. Ha inoltre il diritto di revocare il suo consenso nella misura in cui il nostro trattamento si basa sul suo consenso. La revoca del consenso avr\u00e0 effetto solo per i trattamenti successivi e solo se non possiamo riferirci ad alcuna altra base legale per trattare ulteriormente i dati in questione.<\/p>\n\n\n\n<p><strong>18.&nbsp;&nbsp;&nbsp;&nbsp;&nbsp; Riserva di modifiche<\/strong><\/p>\n\n\n\n<p>La presente Dichiarazione sulla protezione dei dati non fa parte del contratto e pu\u00f2 essere adattata alle disposizioni legali in vigore e al trattamento specifico dei dati. Tenga presente la dichiarazione sulla protezione dei dati in vigore o richieda la versione attuale. Ultimo aggiornamento il 14 dicembre 2023.<\/p>\n\n\n\n<p><strong>Dichiarazione sulla protezione dei dati per la procedura di candidatura presso ARAF Ticino <\/strong><\/p>\n<p>\u00a0<\/p>\n<p><strong>ARAF Ticino ha a cuore la gestione responsabile dei suoi dati personali.<\/strong><\/p>\n<p>Nel seguito, per \u00abtrattamento\u00bb dei dati personali si intende, ad esempio, la raccolta, la conservazione, l\u2019utilizzazione, la modificazione, la comunicazione, l\u2019archiviazione o la distruzione dati personali. Nel seguito, per \u00abdati personali\u00bb si intendono tutte le informazioni relative a una persona identificata o identificabile (ad esempio nome, data di nascita, indirizzo e-mail). Se comunica al ARAF Ticino dati personali di altre persone (ad esempio dati di familiari), la preghiamo di informarle o di fornire loro la nostra \u00abDichiarazione sulla protezione dei dati per la procedura di candidatura\u00bb. Trasmetta i dati personali di terzi soltanto se dispone dell\u2019autorizzazione a farlo e se le informazioni sono corrette. Ai fini della leggibilit\u00e0, nel testo si \u00e8 optato per la forma maschile, ma le informazioni si riferiscono comunque a persone di tutti i generi.<\/p>\n<p>\u00a0<\/p>\n<ol>\n<li><strong>Ambito di applicazione della presente dichiarazione sulla protezione dei dati <\/strong><\/li>\n<\/ol>\n<p>La presente dichiarazione sulla protezione dei dati si applica a qualsiasi trattamento di dati personali di tutte le aziende ed imprese coinvolte nelle attivit\u00e0 di selezione e formazione professionale svolte con e da ARAF Ticino e dalle aziende ed enti associati alla rete di aziende formatrici ARAF: <a href=\"https:\/\/www.araf.ch\/?page_id=34\">Elenco dei soci<\/a> (<a href=\"https:\/\/www.araf.ch\/?page_id=34\">https:\/\/www.araf.ch\/?page_id=34<\/a>)<\/p>\n<p>\u00a0<\/p>\n<p>Ognuna delle aziende ed imprese elencate \u00e8 considerata, in conformit\u00e0 con la legislazione sulla protezione dei dati, come \u00abresponsabile\u00bb del trattamento dei dati effettuato. Nel seguito ci riferir\u00e0 congiuntamente ad esse come \u00abARAF Ticino\u00bb o \u00abnoi\u00bb. La preghiamo di osservare che possono inoltre essere valide altre dichiarazioni specifiche sulla protezione dei dati. Questo vale, ad esempio, per l\u2019utilizzo delle pagine web nelle quali trover\u00e0 i relativi dettagli.<\/p>\n<p>\u00a0<\/p>\n<ol start=\"2\">\n<li><strong>Contatto <\/strong><\/li>\n<\/ol>\n<p>In caso di domande sulla protezione dei dati, ci contatti al seguente indirizzo: ARAF Ticino, Selezione candidati, Oggetto: Protezione dei dati, Via Vallone 27, 6500 Bellinzona, E-mail: <a href=\"mailto:info@araf.ch\">info@araf.ch<\/a> . Ha inoltre il diritto di rivolgersi ad altre persone responsabili. Tuttavia, favorir\u00e0 un trattamento efficiente della sua richiesta se utilizzer\u00e0 i dati di contatto sopra indicati.<\/p>\n<p>\u00a0<\/p>\n<ol start=\"3\">\n<li><strong>Fornitura dei dati <\/strong><\/li>\n<\/ol>\n<p>La fornitura di determinati dati personali \u00e8 obbligatoria ai fini della procedura di candidatura. Fra questi rientrano i dati personali rilevanti per la candidatura.<\/p>\n<p>\u00a0<\/p>\n<ol start=\"4\">\n<li><strong> Categorie di dati personali<\/strong><\/li>\n<\/ol>\n<p><strong>\u00a0<\/strong><\/p>\n<p><strong>4.1\u00a0\u00a0\u00a0\u00a0\u00a0 In generale <\/strong><\/p>\n<p>In particolare, possono essere trattate da ARAF Ticino le seguenti categorie di dati personali comunicati da lei o da terzi, che otteniamo da fonti pubbliche o che risultano dal trattamento del contratto:<\/p>\n<ul>\n<li>dati contenuti nei moduli online e nella documentazione di candidatura (per esempio: nome, indirizzo, data di nascita, sesso, stato civile, nazionalit\u00e0, formazione, lingua, foto, link, video CV, ecc. \u2026 );<\/li>\n<li>informazioni provenienti dalla procedura di candidatura (per esempio: valutazioni, registrazioni audio e\/o video di colloqui, altre informazioni che lei fornisce volontariamente nell\u2019ambito della sua candidatura, ecc. \u2026);<\/li>\n<li>informazioni provenienti da certificati di lavoro, diplomi, certificazioni, conferme della formazione o della riqualificazione;<\/li>\n<li>dati relativi a persone terze (per esempio: genitori, fratelli\/sorelle, partner, figli, ecc. \u2026).<\/li>\n<\/ul>\n<p>\u00a0<\/p>\n<p><strong>4.2\u00a0\u00a0\u00a0\u00a0\u00a0 Dati personali degni di particolare protezione <\/strong><\/p>\n<p>Possono essere trattati anche dati personali (anche \u00abcategorie particolari di dati personali\u00bb) a seconda delle indicazioni e dello stadio del processo di candidatura, ad esempio dati sulla salute, su opinioni o attivit\u00e0 religiose, ideologiche o politiche, nonch\u00e9 dati su procedimenti o sanzioni di natura amministrativa o penale (presentandoci un estratto del casellario giudiziario o del registro delle esecuzioni). Trattiamo come dati personali particolarmente sensibili anche le informazioni contenute nelle richieste di referenze. Questi dati sono trattati allo scopo di avviare ed eseguire un contratto. Se previsto dalla legge, le sar\u00e0 richiesto anticipatamente il consenso.<\/p>\n<p>\u00a0<\/p>\n<ol start=\"5\">\n<li><strong> Scopi del trattamento <\/strong><\/li>\n<\/ol>\n<p>ARAF Ticino tratta i suoi dati personali nella misura in cui ci\u00f2 \u00e8 necessario per l\u2019espletamento della procedura di candidatura e per eventuali prestazioni complementari. I suoi dati personali saranno trattati solo per gli scopi che le sono stati descritti (ad es. al momento dell\u2019invio della candidatura) o che sono evidenti dalle circostanze.<\/p>\n<p>I suoi dati possono essere trattati per i seguenti scopi nel rispetto dei requisiti legali applicabili:<\/p>\n<ul>\n<li>espletamento della procedura candidatura (ad es. esame del suo dossier, valutazioni, selezione, procedure di selezione e assunzione);<\/li>\n<\/ul>\n<ul>\n<li>analisi della procedura di candidatura;<\/li>\n<li>analisi dell\u2019utilizzo della nostra pagina web della candidatura online;<\/li>\n<li>risposta a domande;<\/li>\n<\/ul>\n<p>inoltro del dossier di candidatura alle aziende ed istituzioni associate alla rete di aziende formatrici ARAF Ticino per la selezione di candidati apprendisti e la seguente assunzione e formazione professionale;<\/p>\n<ul>\n<li>lotta contro la cattiva condotta, gli abusi, i crimini e i delitti;<\/li>\n<li>chiarimenti su conflitti d\u2019interesse o altre restrizioni che potrebbero limitare o impedire<\/li>\n<\/ul>\n<p>l\u2019assunzione di un candidato;<\/p>\n<ul>\n<li>esame di candidature per l\u2019inoltro alle aziende ed istituzioni all\u2019interno<\/li>\n<\/ul>\n<p>della rete di aziende formatrici ARAF Ticino.<\/p>\n<p>\u00a0<\/p>\n<p>I dati da lei trasmessi e quelli acquisiti durante il processo di candidatura servono esclusivamente al trattamento e all\u2019espletamento della sua procedura di candidatura. Nell\u2019ambito di una candidatura specifica possono prendere visione dei dati soltanto le persone incaricate dell\u2019assegnazione del posto. ARAF Ticino si riserva il diritto di accettare ed esaminare la sua candidatura anche per altri posti idonei quali nuove aziende o istituzioni intenzionate ad associarsi alla propria rete di formazione. I suoi dati verranno tuttavia inoltrati solo con il suo consenso.<\/p>\n<p>\u00a0<\/p>\n<ol start=\"6\">\n<li><strong> Principi per il trattamento dei dati personali <\/strong><\/li>\n<\/ol>\n<p>I suoi dati personali possono essere trattati sulla base dei seguenti principi:<\/p>\n<ul>\n<li>avvio o esecuzione di un contratto;<\/li>\n<li>se previsto dalle basi legali;<\/li>\n<li>con il suo consenso o il consenso di una persona da lei autorizzata;<\/li>\n<li>se ARAF Ticino ha un interesse preponderante o legittimo al trattamento dei dati,<\/li>\n<\/ul>\n<p>vale a dire in particolare per perseguire le finalit\u00e0 sopra menzionate alla cifra 5 e i<\/p>\n<p>relativi obiettivi e per poter attuare le misure corrispondenti.<\/p>\n<p>\u00a0<\/p>\n<ol start=\"7\">\n<li><strong> Job Newsletter <\/strong><\/li>\n<\/ol>\n<p>Su determinati temi possiamo inviarle, anche su sua richiesta, newsletter relative a posti di lavoro. A tal fine tratteremo i dati personali da lei forniti (ad es. cognome, nome, indirizzo e-mail). Le newsletter possono essere inviate con il suo consenso e, in alcuni casi, sulla base di un legittimo interesse. In ogni newsletter ha la possibilit\u00e0 di richiedere che non le vengano pi\u00f9 inviate ulteriori newsletter.<\/p>\n<p>\u00a0<\/p>\n<ol start=\"8\">\n<li><strong> Trattamento dei dati per la consultazione di pagine web di ARAF Ticino <\/strong><\/li>\n<\/ol>\n<p>Per la consultazione di pagine web di ARAF Ticino si applica anche la relativa dichiarazione sulla protezione dei dati (reperibile in <a href=\"https:\/\/www.araf.ch\/wp-content\/uploads\/2018\/06\/Privacy-Policy-valida-dal-25-maggio-2018.pdf\">https:\/\/www.araf.ch\/wp-content\/uploads\/2018\/06\/Privacy-Policy-valida-dal-25-maggio-2018.pdf<\/a>), dove trover\u00e0 informazioni sui dati che trattiamo (ad es. quali cookies impieghiamo)<\/p>\n<p>\u00a0<\/p>\n<ol start=\"9\">\n<li><strong> Pagina di candidatura ARAF Ticino <\/strong><\/li>\n<\/ol>\n<p>Per i posti di tirocinio presso le aziende associate ad ARAF Ticino pu\u00f2 candidarsi in modalit\u00e0 elettronica attraverso la pagina di candidatura ARAF Ticino. Ha la facolt\u00e0 di contattarci, e potr\u00e0 richiedere di: correggere, aggiornare, ritirare o cancellare i suoi dati in qualsiasi momento.<\/p>\n<p>\u00a0<\/p>\n<ol start=\"10\">\n<li><strong> Colloquio in presenza o eventualmente online <\/strong><\/li>\n<\/ol>\n<p>Per i posti di tirocinio messi a concorso verr\u00e0 invitato a sostenere un colloquio in presenza, o eventualmente online. Per l\u2019esecuzione dei colloqui online possiamo ricorrere a fornitori di servizi. Si attenga alle disposizioni durante la registrazione. I dati personali trattati durante il colloquio online vengono utilizzati da ARAF Ticino per il periodo necessario alla selezione ed esclusivamente per l\u2019espletamento della procedura di candidatura fino all\u2019eventuale assunzione.<\/p>\n<p>\u00a0<\/p>\n<ol start=\"11\">\n<li><strong> Comunicazione elettronica <\/strong><\/li>\n<\/ol>\n<p>La preghiamo di osservare che la comunicazione elettronica (ad es. tramite e-mail, SMS, Messenger, social media) non \u00e8 generalmente criptata. I dati possono essere intercettati e manipolati da terzi o andare perduti. ARAF Ticino adotta misure di sicurezza tecniche e organizzative adeguate per evitare che ci\u00f2 si verifichi all\u2019interno dei propri sistemi. Tuttavia, il suo dispositivo terminale (computer, smartphone ecc.) e il servizio utilizzato sono al di fuori dell\u2019area di sicurezza su cui ARAF Ticino pu\u00f2 esercitare il suo controllo. Spetta a lei, in qualit\u00e0 di utente di Internet, informarsi sulle precauzioni di sicurezza necessarie e prendere le opportune misure (ad es. aggiornare l\u2019antivirus). Se non interagisce con ARAF Ticino tramite mezzi di comunicazione sicuri, \u00e8 consapevole dei rischi associati a questi mezzi di comunicazione.<\/p>\n<p>\u00a0<\/p>\n<ol start=\"12\">\n<li><strong> Dati di terzi <\/strong><\/li>\n<\/ol>\n<p>In alcuni casi ARAF Ticino acquisisce dati personali anche di terzi come ad esempio orientatori, docenti di collocamento che lei ha utilizzato nell\u2019ambito della sua candidatura per ARAF Ticino.<\/p>\n<p>\u00a0<\/p>\n<ol start=\"13\">\n<li><strong> Raccomandazione di candidati apprendisti <\/strong><\/li>\n<\/ol>\n<p>I dati personali di potenziali candidate e candidati possono essere raccolti nell\u2019ambito della \u00abraccomandazione di candidati apprendisti\u00bb. Le collaboratrici o i collaboratori delle aziende associate ad ARAF Ticino possono proporre dei candidati apprendisti indicando il nome, il cognome e l\u2019indirizzo e-mail della persona potenzialmente idonea. In questo modo possiamo inviare un invito a candidarsi. La persona raccomandata potr\u00e0 quindi candidarsi per il posto direttamente tramite il formulario di candidatura online. Se la persona raccomandata non invia una candidatura, i suoi dati personali vengono cancellati al termine del periodo della selezione. In caso di candidatura, la cancellazione dei dati avviene al termine del periodo della selezione di ARAF Ticino.<\/p>\n<p>\u00a0<\/p>\n<ol start=\"14\">\n<li><strong> Destinatari dei dati <\/strong><\/li>\n<\/ol>\n<p>\u00c8 considerato destinatario dei dati chiunque a cui vengano trasmessi o resi accessibili dati personali. Pu\u00f2 trattarsi di formatori professionali e\/o dei responsabili delle aziende che formano tramite l\u2019associazione ARAF Ticino. Nell\u2019ambito di una candidatura specifica possono prendere visione dei dati soltanto le persone incaricate dell\u2019assegnazione del posto. I suoi dati non vengono trasmessi ad aziende o persone al di fuori delle aziende dell\u2019associazione ARAF Ticino, ad eccezione di eventuali nuove aziende interessate ad associarsi ad ARAF Ticino ed a collaborare nella formazione degli apprendisti.<\/p>\n<p>\u00a0<\/p>\n<ol start=\"15\">\n<li><strong> Durata di conservazione <\/strong><\/li>\n<\/ol>\n<p>ARAF Ticino tratter\u00e0 i suoi dati personali per tutto il tempo necessario a soddisfare le finalit\u00e0 del processo di candidatura. Una volta conclusa la procedura di candidatura, i suoi dati, salvo diversa comunicazione scritta, verranno cancellati dopo 12 mesi. Se ci invia documenti di candidatura non richiesti per posta o ci informa del suo interesse all\u2019impiego per telefono, la rimandiamo all\u2019opzione di candidatura online. Non conserveremo nessun altro documento inviatoci e lo distruggeremo. Se la sua candidatura \u00e8 seguita dalla conclusione di un contratto di lavoro, i suoi dati personali saranno ulteriormente elaborati allo scopo di attuare il rapporto di lavoro in conformit\u00e0 con le relative disposizioni legali.<\/p>\n<p>\u00a0<\/p>\n<ol start=\"16\">\n<li><strong> Sicurezza dei dati <\/strong><\/li>\n<\/ol>\n<p>ARAF Ticino adotta precauzioni tecniche e organizzative adeguate per garantire la protezione dei suoi dati personali contro la manipolazione, la perdita, la distruzione o l\u2019accesso da parte di persone non autorizzate. Queste misure sono basate su standard internazionali e sono regolarmente verificate e adeguate se necessario.<\/p>\n<p>\u00a0<\/p>\n<ol start=\"17\">\n<li><strong> Diritti delle persone interessate <\/strong><\/li>\n<\/ol>\n<p>Se i suoi dati personali vengono trattati da ARAF Ticino, pu\u00f2 far valere in qualsiasi momento e in linea di massima gratuitamente i seguenti diritti nell\u2019ambito del diritto applicabile in materia di protezione dei dati:<\/p>\n<p>\u00a0<\/p>\n<p><strong>17.1.\u00a0\u00a0 Diritto all\u2019informazione <\/strong><\/p>\n<p>Lei ha il diritto di ottenere informazioni sui suoi dati personali trattati da ARAF Ticino. Pu\u00f2 presentare la sua richiesta di informazioni per iscritto, allegando una copia della sua carta d\u2019identit\u00e0 o del suo passaporto, all\u2019indirizzo indicato nella sezione \u00abContatto\u00bb (cifra 2).<\/p>\n<p>\u00a0<\/p>\n<p><strong>17.2.\u00a0\u00a0 Diritto alla rettifica <\/strong><\/p>\n<p>ARAF Ticino si impegna a mantenere i suoi dati il pi\u00f9 possibile aggiornati e corretti. Se tuttavia abbiamo memorizzato dati errati sulla sua persona, saremo lieti di correggerli su sua richiesta.<\/p>\n<p>\u00a0<\/p>\n<p><strong>17.3.\u00a0\u00a0 Diritto di opposizione<\/strong><\/p>\n<p>Lei ha il diritto di opporsi con effetto immediato a qualsiasi trattamento dei suoi dati personali che non sia assolutamente necessario per l\u2019esecuzione della selezione, la cui effettuazione non sia prescritta dalla legge o che venga effettuato senza un interesse prevalente o legittimo da parte di ARAF Ticino.<\/p>\n<p>\u00a0<\/p>\n<p><strong>17.4.\u00a0\u00a0 Diritto alla cancellazione e alla limitazione d\u2019uso <\/strong><\/p>\n<p>Lei ha il diritto di richiedere la cancellazione dei suoi dati personali o la limitazione del loro trattamento se essi non sono assolutamente necessari per l\u2019esecuzione della selezione, se non sono trattati in ottemperanza di una base legale (ad es. obblighi di conservazione) o se sono trattati in assenza di un interesse legittimo da parte di ARAF Ticino.<\/p>\n<p>\u00a0<\/p>\n<p><strong>17.5.\u00a0\u00a0 Diritto alla trasmissione dei dati <\/strong><\/p>\n<p>In determinate circostanze, ha il diritto di richiedere i suoi dati personali in un formato elettronico standard o di richiedere che siano trasferiti e\/o rilasciati a un\u2019altra parte responsabile (ad esempio un\u2019altra azienda formatrice).<\/p>\n<p>\u00a0<\/p>\n<p><strong>17.6.\u00a0\u00a0 Altri diritti <\/strong><\/p>\n<p>In caso di una possibile violazione dei suoi diritti sulla protezione dei dati, pu\u00f2 contattare l\u2019autorit\u00e0 competente per la protezione dei dati. L\u2019autorit\u00e0 di vigilanza competente in Svizzera \u00e8: Incaricato federale della protezione dei dati e della trasparenza, Feldeggweg 1, 3005 Berna, Svizzera. Se la informiamo di una decisione automatizzata (cifra 9), ha il diritto di esprimere il suo parere e di chiedere che la decisione sia rivista da una persona fisica. Ha inoltre il diritto di revocare il suo consenso nella misura in cui il nostro trattamento si basa sul suo consenso. La revoca del consenso avr\u00e0 effetto solo per i trattamenti successivi e solo se non possiamo riferirci ad alcuna altra base legale per trattare ulteriormente i dati in questione.<\/p>\n<p>\u00a0<\/p>\n<ol start=\"18\">\n<li><strong> Riserva di modifiche <\/strong><\/li>\n<\/ol>\n<p>La presente Dichiarazione sulla protezione dei dati non fa parte del contratto e pu\u00f2 essere adattata alle disposizioni legali in vigore e al trattamento specifico dei dati. Tenga presente la dichiarazione sulla protezione dei dati in vigore o richieda la versione attuale. Ultimo aggiornamento il 14 dicembre 2023.\u00a0<\/p>\n<p>\u00a0 \u00a0<\/p>\n<p>\u00a0<\/p>\n<p><strong>Altra documentazione correlata:\u00a0<\/strong><\/p>\n<ul>\n<li><strong><a href=\"https:\/\/www.araf.ch\/?page_id=2037\">Informativa sulla privacy ARAF Ticino<\/a>:\u00a0<\/strong><a href=\"https:\/\/www.araf.ch\/?page_id=2037\" target=\"_blank\" rel=\"noreferrer noopener\">https:\/\/www.araf.ch\/?page_id=2037<\/a><\/li>\n<li><strong><a href=\"https:\/\/www.araf.ch\/?page_id=2013\">Dichiarazione sulla protezione dei dati per la procedura di candidatura presso ARAF Ticino<\/a>:\u00a0<\/strong><br \/><a href=\"https:\/\/www.araf.ch\/?page_id=2013\">https:\/\/www.araf.ch\/?page_id=2013<\/a>\u00a0<\/li>\n<li><strong>GDPR Privacy Policy valida dal 25 maggio 2018:\u00a0\u00a0<\/strong><br \/><a href=\"https:\/\/www.araf.ch\/wp-content\/uploads\/2018\/06\/Privacy-Policy-valida-dal-25-maggio-2018.pdf\">https:\/\/www.araf.ch\/wp-content\/uploads\/2018\/06\/Privacy-Policy-valida-dal-25-maggio-2018.pdf<\/a><\/li>\n<li><a href=\"https:\/\/www.araf.ch\/?page_id=2023\" target=\"_blank\" rel=\"noreferrer noopener\"><strong>RISERVATEZZA \/ CONFIDENTIALITY<\/strong><\/a>: <a href=\"https:\/\/www.araf.ch\/?page_id=2023\">https:\/\/www.araf.ch\/?page_id=2023<\/a><\/li>\n<li><strong><a href=\"https:\/\/www.araf.ch\/?page_id=2256\" target=\"_blank\" rel=\"noopener\">Dichiarazione sulla protezione dei dati per le pagine web di ARAF Ticino<\/a>:\u00a0<\/strong><a href=\"https:\/\/www.araf.ch\/?page_id=2256\" target=\"_blank\" rel=\"noopener\">https:\/\/www.araf.ch\/?page_id=2256<\/a>\u00a0 \u00a0\u00a0\u00a0<\/li>\n<\/ul>\n","protected":false},"excerpt":{"rendered":"<p>ARAF Ticino ha a cuore la gestione responsabile dei suoi dati personali. Nel seguito, per \u00abtrattamento\u00bb dei dati personali si [&hellip;]<\/p>\n","protected":false},"author":3,"featured_media":0,"parent":0,"menu_order":0,"comment_status":"closed","ping_status":"closed","template":"","meta":[],"_links":{"self":[{"href":"https:\/\/www.araf.ch\/index.php?rest_route=\/wp\/v2\/pages\/2013"}],"collection":[{"href":"https:\/\/www.araf.ch\/index.php?rest_route=\/wp\/v2\/pages"}],"about":[{"href":"https:\/\/www.araf.ch\/index.php?rest_route=\/wp\/v2\/types\/page"}],"author":[{"embeddable":true,"href":"https:\/\/www.araf.ch\/index.php?rest_route=\/wp\/v2\/users\/3"}],"replies":[{"embeddable":true,"href":"https:\/\/www.araf.ch\/index.php?rest_route=%2Fwp%2Fv2%2Fcomments&post=2013"}],"version-history":[{"count":8,"href":"https:\/\/www.araf.ch\/index.php?rest_route=\/wp\/v2\/pages\/2013\/revisions"}],"predecessor-version":[{"id":2262,"href":"https:\/\/www.araf.ch\/index.php?rest_route=\/wp\/v2\/pages\/2013\/revisions\/2262"}],"wp:attachment":[{"href":"https:\/\/www.araf.ch\/index.php?rest_route=%2Fwp%2Fv2%2Fmedia&parent=2013"}],"curies":[{"name":"wp","href":"https:\/\/api.w.org\/{rel}","templated":true}]}}